{"id":945,"date":"2020-04-09T02:01:39","date_gmt":"2020-04-09T00:01:39","guid":{"rendered":"https:\/\/fbassocies-avocats.fr\/?post_type=domaines_int&#038;p=945"},"modified":"2020-04-28T11:56:16","modified_gmt":"2020-04-28T09:56:16","slug":"droit-administratif-general-et-droit-des-etrangers","status":"publish","type":"domaines_int","link":"https:\/\/fbassocies-avocats.fr\/?domaines_int=droit-administratif-general-et-droit-des-etrangers","title":{"rendered":"Droit administratif g\u00e9n\u00e9ral et droit des \u00e9trangers"},"content":{"rendered":"<div class=\"entry-content\">\n<div id=\"desc2\">Lorem ipsum dolor sit amet, consectetur adipiscing elit, sed do eiusmod.<\/div>\n<div id=\"desc\">\n<ul class=\"wrapper\">\n<li>Contr\u00f4le de l\u00e9galit\u00e9 des d\u00e9cisions administratives<\/li>\n<li>Sanctions administratives<\/li>\n<li>Visa et droit des personnes en zone d\u2019attente<\/li>\n<li>Contestation des obligations de quitter le territoire<\/li>\n<li>Droit et proc\u00e9dure d\u2019asile<\/li>\n<li>Naturalisation et droit de la nationalit\u00e9 fran\u00e7aise<\/li>\n<\/ul>\n<\/div>\n<\/div>\n<footer class=\"entry-meta aux-after-content\"><\/footer>\n","protected":false},"featured_media":531,"template":"","acf":[],"yoast_head":"<!-- This site is optimized with the Yoast SEO plugin v21.9.1 - https:\/\/yoast.com\/wordpress\/plugins\/seo\/ -->\n<title>Droit administratif g\u00e9n\u00e9ral et droit des \u00e9trangers -<\/title>\n<meta name=\"robots\" content=\"index, follow, max-snippet:-1, max-image-preview:large, max-video-preview:-1\" \/>\n<link rel=\"canonical\" href=\"https:\/\/fbassocies-avocats.fr\/?domaines_int=droit-administratif-general-et-droit-des-etrangers\" \/>\n<meta property=\"og:locale\" content=\"fr_FR\" \/>\n<meta property=\"og:type\" content=\"article\" \/>\n<meta property=\"og:title\" content=\"Droit administratif g\u00e9n\u00e9ral et droit des \u00e9trangers -\" \/>\n<meta property=\"og:description\" content=\"Lorem ipsum dolor sit amet, consectetur adipiscing elit, sed do eiusmod. Contr\u00f4le de l\u00e9galit\u00e9 des d\u00e9cisions administratives Sanctions administratives Visa et droit des personnes en zone d\u2019attente Contestation des obligations de quitter le territoire Droit et proc\u00e9dure d\u2019asile Naturalisation et droit de la nationalit\u00e9 fran\u00e7aise\" \/>\n<meta property=\"og:url\" content=\"https:\/\/fbassocies-avocats.fr\/?domaines_int=droit-administratif-general-et-droit-des-etrangers\" \/>\n<meta property=\"article:modified_time\" content=\"2020-04-28T09:56:16+00:00\" \/>\n<meta property=\"og:image\" content=\"https:\/\/fbassocies-avocats.fr\/wp-content\/uploads\/2020\/03\/5-1-scaled.jpg\" \/>\n\t<meta property=\"og:image:width\" content=\"2560\" \/>\n\t<meta property=\"og:image:height\" content=\"2560\" \/>\n\t<meta property=\"og:image:type\" content=\"image\/jpeg\" \/>\n<meta name=\"twitter:card\" content=\"summary_large_image\" \/>\n<script type=\"application\/ld+json\" class=\"yoast-schema-graph\">{\"@context\":\"https:\/\/schema.org\",\"@graph\":[{\"@type\":\"WebPage\",\"@id\":\"https:\/\/fbassocies-avocats.fr\/?domaines_int=droit-administratif-general-et-droit-des-etrangers\",\"url\":\"https:\/\/fbassocies-avocats.fr\/?domaines_int=droit-administratif-general-et-droit-des-etrangers\",\"name\":\"Droit administratif g\u00e9n\u00e9ral et droit des \u00e9trangers -\",\"isPartOf\":{\"@id\":\"https:\/\/fbassocies-avocats.fr\/#website\"},\"datePublished\":\"2020-04-09T00:01:39+00:00\",\"dateModified\":\"2020-04-28T09:56:16+00:00\",\"breadcrumb\":{\"@id\":\"https:\/\/fbassocies-avocats.fr\/?domaines_int=droit-administratif-general-et-droit-des-etrangers#breadcrumb\"},\"inLanguage\":\"fr-FR\",\"potentialAction\":[{\"@type\":\"ReadAction\",\"target\":[\"https:\/\/fbassocies-avocats.fr\/?domaines_int=droit-administratif-general-et-droit-des-etrangers\"]}]},{\"@type\":\"BreadcrumbList\",\"@id\":\"https:\/\/fbassocies-avocats.fr\/?domaines_int=droit-administratif-general-et-droit-des-etrangers#breadcrumb\",\"itemListElement\":[{\"@type\":\"ListItem\",\"position\":1,\"name\":\"Home\",\"item\":\"https:\/\/fbassocies-avocats.fr\/\"},{\"@type\":\"ListItem\",\"position\":2,\"name\":\"Domaines d&#039;interventions\",\"item\":\"https:\/\/fbassocies-avocats.fr\/?post_type=domaines_int\"},{\"@type\":\"ListItem\",\"position\":3,\"name\":\"Droit administratif g\u00e9n\u00e9ral et droit des \u00e9trangers\"}]},{\"@type\":\"WebSite\",\"@id\":\"https:\/\/fbassocies-avocats.fr\/#website\",\"url\":\"https:\/\/fbassocies-avocats.fr\/\",\"name\":\"\",\"description\":\"\",\"potentialAction\":[{\"@type\":\"SearchAction\",\"target\":{\"@type\":\"EntryPoint\",\"urlTemplate\":\"https:\/\/fbassocies-avocats.fr\/?s={search_term_string}\"},\"query-input\":\"required name=search_term_string\"}],\"inLanguage\":\"fr-FR\"}]}<\/script>\n<!-- \/ Yoast SEO plugin. -->","yoast_head_json":{"title":"Droit administratif g\u00e9n\u00e9ral et droit des \u00e9trangers -","robots":{"index":"index","follow":"follow","max-snippet":"max-snippet:-1","max-image-preview":"max-image-preview:large","max-video-preview":"max-video-preview:-1"},"canonical":"https:\/\/fbassocies-avocats.fr\/?domaines_int=droit-administratif-general-et-droit-des-etrangers","og_locale":"fr_FR","og_type":"article","og_title":"Droit administratif g\u00e9n\u00e9ral et droit des \u00e9trangers -","og_description":"Lorem ipsum dolor sit amet, consectetur adipiscing elit, sed do eiusmod. Contr\u00f4le de l\u00e9galit\u00e9 des d\u00e9cisions administratives Sanctions administratives Visa et droit des personnes en zone d\u2019attente Contestation des obligations de quitter le territoire Droit et proc\u00e9dure d\u2019asile Naturalisation et droit de la nationalit\u00e9 fran\u00e7aise","og_url":"https:\/\/fbassocies-avocats.fr\/?domaines_int=droit-administratif-general-et-droit-des-etrangers","article_modified_time":"2020-04-28T09:56:16+00:00","og_image":[{"width":2560,"height":2560,"url":"https:\/\/fbassocies-avocats.fr\/wp-content\/uploads\/2020\/03\/5-1-scaled.jpg","type":"image\/jpeg"}],"twitter_card":"summary_large_image","schema":{"@context":"https:\/\/schema.org","@graph":[{"@type":"WebPage","@id":"https:\/\/fbassocies-avocats.fr\/?domaines_int=droit-administratif-general-et-droit-des-etrangers","url":"https:\/\/fbassocies-avocats.fr\/?domaines_int=droit-administratif-general-et-droit-des-etrangers","name":"Droit administratif g\u00e9n\u00e9ral et droit des \u00e9trangers -","isPartOf":{"@id":"https:\/\/fbassocies-avocats.fr\/#website"},"datePublished":"2020-04-09T00:01:39+00:00","dateModified":"2020-04-28T09:56:16+00:00","breadcrumb":{"@id":"https:\/\/fbassocies-avocats.fr\/?domaines_int=droit-administratif-general-et-droit-des-etrangers#breadcrumb"},"inLanguage":"fr-FR","potentialAction":[{"@type":"ReadAction","target":["https:\/\/fbassocies-avocats.fr\/?domaines_int=droit-administratif-general-et-droit-des-etrangers"]}]},{"@type":"BreadcrumbList","@id":"https:\/\/fbassocies-avocats.fr\/?domaines_int=droit-administratif-general-et-droit-des-etrangers#breadcrumb","itemListElement":[{"@type":"ListItem","position":1,"name":"Home","item":"https:\/\/fbassocies-avocats.fr\/"},{"@type":"ListItem","position":2,"name":"Domaines d&#039;interventions","item":"https:\/\/fbassocies-avocats.fr\/?post_type=domaines_int"},{"@type":"ListItem","position":3,"name":"Droit administratif g\u00e9n\u00e9ral et droit des \u00e9trangers"}]},{"@type":"WebSite","@id":"https:\/\/fbassocies-avocats.fr\/#website","url":"https:\/\/fbassocies-avocats.fr\/","name":"","description":"","potentialAction":[{"@type":"SearchAction","target":{"@type":"EntryPoint","urlTemplate":"https:\/\/fbassocies-avocats.fr\/?s={search_term_string}"},"query-input":"required name=search_term_string"}],"inLanguage":"fr-FR"}]}},"_links":{"self":[{"href":"https:\/\/fbassocies-avocats.fr\/index.php?rest_route=\/wp\/v2\/domaines_int\/945"}],"collection":[{"href":"https:\/\/fbassocies-avocats.fr\/index.php?rest_route=\/wp\/v2\/domaines_int"}],"about":[{"href":"https:\/\/fbassocies-avocats.fr\/index.php?rest_route=\/wp\/v2\/types\/domaines_int"}],"wp:featuredmedia":[{"embeddable":true,"href":"https:\/\/fbassocies-avocats.fr\/index.php?rest_route=\/wp\/v2\/media\/531"}],"wp:attachment":[{"href":"https:\/\/fbassocies-avocats.fr\/index.php?rest_route=%2Fwp%2Fv2%2Fmedia&parent=945"}],"curies":[{"name":"wp","href":"https:\/\/api.w.org\/{rel}","templated":true}]}}